 {"id":586,"date":"2024-07-23T13:51:30","date_gmt":"2024-07-23T18:51:30","guid":{"rendered":"http:\/\/guid"},"modified":"2025-11-05T09:47:57","modified_gmt":"2025-11-05T14:47:57","slug":"nuestra-rectora","status":"publish","type":"page","link":"https:\/\/marymountbq.edu.co\/site\/nuestra-rectora\/","title":{"rendered":"Nuestra rectora"},"content":{"rendered":"\n<h2 class=\"wp-block-heading has-text-align-center\" style=\"margin-top:var(--wp--preset--spacing--60);margin-bottom:var(--wp--preset--spacing--60)\">Nuestra  rectora<\/h2>\n\n\n\n<div class=\"wp-block-columns are-vertically-aligned-center is-layout-flex wp-container-core-columns-is-layout-49148906 wp-block-columns-is-layout-flex\" style=\"margin-top:0;margin-bottom:0\">\n<div class=\"wp-block-column is-vertically-aligned-center is-layout-flow wp-block-column-is-layout-flow\">\n<figure class=\"wp-block-image size-large\"><img fetchpriority=\"high\" decoding=\"async\" width=\"853\" height=\"1024\" src=\"https:\/\/marymountbq.edu.co\/site\/wp-content\/uploads\/2025\/08\/Diseno-sin-titulo-853x1024.jpg\" alt=\"\" class=\"wp-image-4089\" srcset=\"https:\/\/marymountbq.edu.co\/site\/wp-content\/uploads\/2025\/08\/Diseno-sin-titulo-853x1024.jpg 853w, https:\/\/marymountbq.edu.co\/site\/wp-content\/uploads\/2025\/08\/Diseno-sin-titulo-250x300.jpg 250w, https:\/\/marymountbq.edu.co\/site\/wp-content\/uploads\/2025\/08\/Diseno-sin-titulo-768x922.jpg 768w, https:\/\/marymountbq.edu.co\/site\/wp-content\/uploads\/2025\/08\/Diseno-sin-titulo.jpg 900w\" sizes=\"(max-width: 853px) 100vw, 853px\" \/><\/figure>\n\n\n\n<p class=\"has-text-align-center has-foreground-color has-text-color has-link-color has-medium-font-size wp-elements-e52d30949e2dfa13412c378b800efbfa\"><strong>Anabella Mart\u00ednez , EdD<\/strong> &#8211; Rectora<\/p>\n<\/div>\n\n\n\n<div class=\"wp-block-column is-vertically-aligned-center is-layout-flow wp-block-column-is-layout-flow\" style=\"padding-right:var(--wp--preset--spacing--50);padding-left:var(--wp--preset--spacing--50)\">\n<p class=\"has-primary-color has-text-color has-link-color has-x-large-font-size wp-elements-378bb5aeff504fcdb0f8b119a29e25b9\" style=\"margin-top:var(--wp--preset--spacing--50);margin-bottom:var(--wp--preset--spacing--50);padding-right:0;padding-left:0;line-height:1.3\"><strong><em>&#8220;El \u00e9xito de la formaci\u00f3n impartida en un colegio va m\u00e1s all\u00e1 de las aulas de clase, el ambiente escolar o la implementaci\u00f3n de un curr\u00edculo&#8221;<\/em><\/strong><\/p>\n\n\n\n<p class=\"has-foreground-color has-text-color has-link-color has-medium-font-size wp-elements-2dfb71557308fef729d1e7d86028a9e7\" style=\"margin-right:0;margin-left:0;padding-right:0;padding-left:0\">Para ello se requiere de la cohesi\u00f3n generada por un norte com\u00fan y que orienta las acciones institucionales para asegurar el cumplimiento de unas metas. En el Colegio Marymount, inspirados siempre en el poder transformador de la educaci\u00f3n y comprometidos con los m\u00e1s altos est\u00e1ndares de calidad, &nbsp;hemos estado viviendo un proceso de transformaci\u00f3n no s\u00f3lo en nuestra infraestructura sino en lo sustancial de nuestro proyecto formativo.<br><\/p>\n\n\n\n<p class=\"has-foreground-color has-text-color has-link-color has-medium-font-size wp-elements-f398f297b4238a3bb6efe8676d275322\" style=\"padding-right:0;padding-left:0\">La combinaci\u00f3n adecuada de unas instalaciones modernas y un proyecto educativo acorde a las tendencias en educaci\u00f3n fomenta el desarrollo de habilidades para preparar a los estudiantes para el futuro de una sociedad globalizada. Hoy celebro que la construcci\u00f3n de las modernas aulas de clase, un ambiente escolar m\u00e1s propicio para el aprendizaje del siglo XXI y la implementaci\u00f3n de nuestro plan estrat\u00e9gico Marymount Mission 2026 son una realidad.&#8221;<\/p>\n<\/div>\n<\/div>\n\n\n\n<div class=\"wp-block-columns has-medium-font-size is-layout-flex wp-container-core-columns-is-layout-008400e6 wp-block-columns-is-layout-flex\" style=\"margin-top:var(--wp--preset--spacing--60);margin-bottom:0\">\n<div class=\"wp-block-column has-text-color has-background has-link-color wp-elements-1f3e1cf80a08cb3f998b6ef596ddb349 is-layout-flow wp-block-column-is-layout-flow\" style=\"color:#000000;background-color:#a8d5f2a1;padding-top:2em;padding-right:2em;padding-bottom:2em;padding-left:2em\">\n<h2 class=\"wp-block-heading has-primary-color has-text-color has-link-color has-medium-font-size wp-elements-f682ac0181ab135b3a235c1c92ea6440\" id=\"family\"><strong>Desarrollo Profesional<\/strong><\/h2>\n\n\n\n<blockquote class=\"wp-block-quote has-medium-font-size is-layout-flow wp-block-quote-is-layout-flow\">\n<ul class=\"wp-block-list\">\n<li>Doctorado en Educaci\u00f3n con \u00e9nfasis en Educaci\u00f3n Superior. Teachers College, Columbia University, New York, EEUU.<\/li>\n<\/ul>\n<\/blockquote>\n\n\n\n<blockquote class=\"wp-block-quote has-medium-font-size is-layout-flow wp-block-quote-is-layout-flow\">\n<ul class=\"wp-block-list\">\n<li>Maestr\u00eda en Administraci\u00f3n del Bienestar Estudiantil. Teachers College, Columbia University,&nbsp;New York, EEUU.<\/li>\n<\/ul>\n<\/blockquote>\n\n\n\n<blockquote class=\"wp-block-quote has-medium-font-size is-layout-flow wp-block-quote-is-layout-flow\">\n<ul class=\"wp-block-list\">\n<li>Profesional en Psicolog\u00eda. Universidad del Norte, Barranquilla, Colombia.<\/li>\n<\/ul>\n<\/blockquote>\n\n\n\n<blockquote class=\"wp-block-quote has-foreground-color has-text-color has-medium-font-size is-layout-flow wp-block-quote-is-layout-flow\">\n<ul class=\"wp-block-list has-primary-color has-text-color has-link-color wp-elements-671a2b686f2cc8249d1693902c20bb51\">\n<li>Bachillerato acad\u00e9mico. Colegio Marymount, Barranquilla, Colombia.<\/li>\n<\/ul>\n<\/blockquote>\n<\/div>\n\n\n\n<div class=\"wp-block-column has-text-color has-background has-link-color wp-elements-18a1dc75f3e34aa13816d107b21b778a is-layout-flow wp-block-column-is-layout-flow\" style=\"color:#000000;background-color:#c6d1db;padding-top:2em;padding-right:2em;padding-bottom:2em;padding-left:2em\">\n<h3 class=\"wp-block-heading has-primary-color has-text-color has-link-color has-medium-font-size wp-elements-28219bd81274f0c6f77e736d54de1945\">Experiencia Profesional<\/h3>\n\n\n\n<blockquote class=\"wp-block-quote has-medium-font-size is-layout-flow wp-block-quote-is-layout-flow\">\n<ul class=\"wp-block-list\">\n<li>Rectora Colegio Marymount, Barranquilla, Colombia.<\/li>\n<\/ul>\n<\/blockquote>\n\n\n\n<blockquote class=\"wp-block-quote has-medium-font-size is-layout-flow wp-block-quote-is-layout-flow\">\n<ul class=\"wp-block-list\">\n<li class=\"has-medium-font-size\">Directora de Calidad de Proyectos Educativos. Universidad del Norte, Barranquilla, Colombia.<\/li>\n<\/ul>\n<\/blockquote>\n\n\n\n<blockquote class=\"wp-block-quote has-foreground-color has-text-color has-medium-font-size is-layout-flow wp-block-quote-is-layout-flow\">\n<ul class=\"wp-block-list\">\n<li class=\"has-primary-color has-text-color has-link-color wp-elements-730fceeca64bf51ebea0f6ebe8765623\">Directora del Centro para la Excelencia Docente. Universidad del Norte, Barranquilla, Colombia.<\/li>\n<\/ul>\n<\/blockquote>\n\n\n\n<blockquote class=\"wp-block-quote has-medium-font-size is-layout-flow wp-block-quote-is-layout-flow\">\n<ul class=\"wp-block-list\">\n<li>Docente Investigadora del Instituto de Estudios en Educaci\u00f3n. Universidad del Norte, Barranquilla, Colombia.<\/li>\n<\/ul>\n<\/blockquote>\n\n\n\n<blockquote class=\"wp-block-quote has-medium-font-size is-layout-flow wp-block-quote-is-layout-flow\">\n<ul class=\"wp-block-list\">\n<li>Vicerrectora. Universidad del Atl\u00e1ntico, Barranquilla, Colombia.<\/li>\n<\/ul>\n<\/blockquote>\n\n\n\n<blockquote class=\"wp-block-quote has-medium-font-size is-layout-flow wp-block-quote-is-layout-flow\">\n<ul class=\"wp-block-list\">\n<li>Decana Consejer\u00eda Acad\u00e9mica. Hofstra University, New York, EEUU.<\/li>\n<\/ul>\n<\/blockquote>\n\n\n\n<blockquote class=\"wp-block-quote has-medium-font-size is-layout-flow wp-block-quote-is-layout-flow\">\n<ul class=\"wp-block-list\">\n<li>Decana Centro de Consejer\u00eda Acad\u00e9mica. Columbia University, New York, EEUU.<\/li>\n<\/ul>\n<\/blockquote>\n\n\n\n<blockquote class=\"wp-block-quote has-foreground-color has-text-color has-medium-font-size is-layout-flow wp-block-quote-is-layout-flow\">\n<ul class=\"wp-block-list\">\n<li class=\"has-primary-color has-text-color has-link-color wp-elements-5010b264924b55653a80daf5eb417c15\">Decana Asistente de Comunicaciones y Proyectos Especiales. Columbia University,&nbsp;New York, EEUU.<\/li>\n<\/ul>\n<\/blockquote>\n<\/div>\n<\/div>\n\n\n\n<div style=\"height:37px\" aria-hidden=\"true\" class=\"wp-block-spacer\"><\/div>\n\n\n\n<div class=\"wp-block-media-text is-stacked-on-mobile\" style=\"grid-template-columns:21% auto\"><figure class=\"wp-block-media-text__media\"><img decoding=\"async\" width=\"600\" height=\"600\" src=\"https:\/\/marymountbq.edu.co\/site\/wp-content\/uploads\/2024\/06\/mind-mappin-Anabella.jpg\" alt=\"\" class=\"wp-image-647 size-full\" srcset=\"https:\/\/marymountbq.edu.co\/site\/wp-content\/uploads\/2024\/06\/mind-mappin-Anabella.jpg 600w, https:\/\/marymountbq.edu.co\/site\/wp-content\/uploads\/2024\/06\/mind-mappin-Anabella-300x300.jpg 300w, https:\/\/marymountbq.edu.co\/site\/wp-content\/uploads\/2024\/06\/mind-mappin-Anabella-150x150.jpg 150w\" sizes=\"(max-width: 600px) 100vw, 600px\" \/><\/figure><div class=\"wp-block-media-text__content\">\n<h3 class=\"wp-block-heading has-text-color has-link-color has-big-font-size wp-elements-a8c2217036a8a0f600ee3c6be9dca104\" style=\"color:#6e6e6e\">Podcast: Marymount Mind Mapping by Anabella Mart\u00ednez<\/h3>\n\n\n\n<p class=\"has-primary-color has-text-color has-link-color has-medium-font-size wp-elements-35937b3118b7d9f1f86b900771f3a9e6\">El podcast de la Rectora \u201cMind Mapping\u201d es un espacio en nuestro canal de YouTube donde la Rectora conversa con estudiantes y miembros de nuestra comunidad de aprendizaje, para compartir historias inspiradoras sobre los atributos DEVICES, que forman parte de la identidad Marymount. En cada episodio, varios estudiantes reflexionan sobre un atributo espec\u00edfico, contando experiencias reales, logros y c\u00f3mo lo viven y ponen en pr\u00e1ctica en su d\u00eda a d\u00eda. Un espacio para celebrar el crecimiento, la formaci\u00f3n integral y el esp\u00edritu \u00fanico del Marymount Way.<\/p>\n\n\n\n<div class=\"wp-block-buttons is-content-justification-center is-layout-flex wp-container-core-buttons-is-layout-d234f690 wp-block-buttons-is-layout-flex\" style=\"margin-top:var(--wp--preset--spacing--50);margin-bottom:var(--wp--preset--spacing--50)\">\n<div class=\"wp-block-button has-custom-width wp-block-button__width-75 is-style-outline is-style-outline--1\"><a class=\"wp-block-button__link has-foreground-color has-text-color has-link-color wp-element-button\" href=\"https:\/\/www.youtube.com\/@MarymountSchoolBarranquilla\" target=\"_blank\" rel=\"noreferrer noopener\">Conoce m\u00e1s sobre el Podcast aqu\u00ed<\/a><\/div>\n<\/div>\n<\/div><\/div>\n\n\n\n<p><\/p>\n","protected":false},"excerpt":{"rendered":"<p>Nuestra rectora Anabella Mart\u00ednez , EdD &#8211; Rectora &#8220;El \u00e9xito de la formaci\u00f3n impartida en un colegio va m\u00e1s all\u00e1 de las aulas de clase, el ambiente escolar o la implementaci\u00f3n de un curr\u00edculo&#8221; Para ello se requiere de la cohesi\u00f3n generada por un norte com\u00fan y que orienta las acciones institucionales para asegurar el&#8230;<\/p>\n","protected":false},"author":2,"featured_media":0,"parent":0,"menu_order":0,"comment_status":"closed","ping_status":"closed","template":"","meta":{"footnotes":""},"class_list":["post-586","page","type-page","status-publish","hentry"],"_links":{"self":[{"href":"https:\/\/marymountbq.edu.co\/site\/wp-json\/wp\/v2\/pages\/586","targetHints":{"allow":["GET"]}}],"collection":[{"href":"https:\/\/marymountbq.edu.co\/site\/wp-json\/wp\/v2\/pages"}],"about":[{"href":"https:\/\/marymountbq.edu.co\/site\/wp-json\/wp\/v2\/types\/page"}],"author":[{"embeddable":true,"href":"https:\/\/marymountbq.edu.co\/site\/wp-json\/wp\/v2\/users\/2"}],"replies":[{"embeddable":true,"href":"https:\/\/marymountbq.edu.co\/site\/wp-json\/wp\/v2\/comments?post=586"}],"version-history":[{"count":25,"href":"https:\/\/marymountbq.edu.co\/site\/wp-json\/wp\/v2\/pages\/586\/revisions"}],"predecessor-version":[{"id":5677,"href":"https:\/\/marymountbq.edu.co\/site\/wp-json\/wp\/v2\/pages\/586\/revisions\/5677"}],"wp:attachment":[{"href":"https:\/\/marymountbq.edu.co\/site\/wp-json\/wp\/v2\/media?parent=586"}],"curies":[{"name":"wp","href":"https:\/\/api.w.org\/{rel}","templated":true}]}}