 {"id":1266,"date":"2024-07-16T10:26:49","date_gmt":"2024-07-16T15:26:49","guid":{"rendered":"http:\/\/guid"},"modified":"2025-10-31T17:19:32","modified_gmt":"2025-10-31T22:19:32","slug":"cuidado-y-proteccion-de-los-ninos","status":"publish","type":"page","link":"https:\/\/marymountbq.edu.co\/site\/cuidado-y-proteccion-de-los-ninos\/","title":{"rendered":"Cuidado y Protecci\u00f3n de los Ni\u00f1os"},"content":{"rendered":"\n<div class=\"wp-block-cover alignwide has-parallax\" style=\"min-height:528px;aspect-ratio:unset;\"><div class=\"wp-block-cover__image-background wp-image-1273 has-parallax\" style=\"background-position:50% 50%;background-image:url(https:\/\/marymountbq.edu.co\/site\/wp-content\/uploads\/2024\/07\/IMG_5541-1.jpg)\"><\/div><span aria-hidden=\"true\" class=\"wp-block-cover__background has-background-dim-70 has-background-dim\" style=\"background-color:#000000\"><\/span><div class=\"wp-block-cover__inner-container is-layout-constrained wp-container-core-cover-is-layout-bab8bf40 wp-block-cover-is-layout-constrained\">\n<p class=\"has-text-align-left\" style=\"font-size:clamp(24.034px, 1.502rem + ((1vw - 3.2px) * 0.998), 40px);\"><strong>Cuidado y Protecci\u00f3n de los Ni\u00f1os<\/strong><\/p>\n<\/div><\/div>\n\n\n\n<blockquote class=\"wp-block-quote is-style-default has-primary-color has-text-color has-link-color wp-elements-311d14ea3f627d4681da639f4bdf3ca2 is-layout-flow wp-container-core-quote-is-layout-11b150ca wp-block-quote-is-layout-flow\" style=\"margin-top:var(--wp--preset--spacing--50);margin-left:0;padding-right:var(--wp--preset--spacing--60);padding-left:var(--wp--preset--spacing--60);font-size:clamp(14px, 0.875rem + ((1vw - 3.2px) * 0.375), 20px);\">\n<p style=\"font-size:clamp(14px, 0.875rem + ((1vw - 3.2px) * 0.375), 20px);\"><strong>El Colegio Marymount de Barranquilla tiene el deber moral y legal de velar por el bienestar de los estudiantes. El abuso y el abandono infantil son preocupaciones importantes en el mundo moderno y representan serias violaciones de los derechos de los ni\u00f1os y constituyen obst\u00e1culos para las metas educativas con respecto al desarrollo f\u00edsico, emocional y espiritual.<\/strong><\/p>\n<cite>&#8220;Nuestra meta es construir y mantener un ambiente proactivo que proteja a los ni\u00f1os ya sea evitando el abuso infantil antes de que ocurra o garantizando su detecci\u00f3n lo antes posible, su reporte e intervenci\u00f3n.&#8221;<\/cite><\/blockquote>\n\n\n\n<h3 class=\"wp-block-heading has-text-align-center has-foreground-color has-text-color has-link-color has-medium-font-size wp-elements-28dca56a1839515faeff3c7c204d1f12\" style=\"margin-top:var(--wp--preset--spacing--60);margin-bottom:0\">Declaraci\u00f3n Normativa<\/h3>\n\n\n\n<p class=\"has-text-align-center has-foreground-color has-text-color has-link-color has-medium-font-size wp-elements-7141f391fdbdf3a807c7f9e5e06561b1\" style=\"margin-bottom:var(--wp--preset--spacing--50)\">Basado en dos premisas<\/p>\n\n\n\n<div class=\"wp-block-columns is-layout-flex wp-container-core-columns-is-layout-d2da2050 wp-block-columns-is-layout-flex\" style=\"margin-bottom:0\">\n<div class=\"wp-block-column has-text-color has-background has-link-color wp-elements-e69e67f4867b6c64fffc1a71568eb6c5 is-layout-flow wp-block-column-is-layout-flow\" style=\"color:#000000;background-color:#ededed;padding-top:2em;padding-right:2em;padding-bottom:2em;padding-left:2em\">\n<h2 class=\"wp-block-heading has-text-align-center\" id=\"single\" style=\"font-size:clamp(24.034px, 1.502rem + ((1vw - 3.2px) * 0.998), 40px);\"><strong>1<\/strong><\/h2>\n\n\n\n<p class=\"has-foreground-color has-text-color has-link-color has-medium-font-size wp-elements-97f7147ef1d055f011ce0360295fbffb\" style=\"margin-top:var(--wp--preset--spacing--20);margin-bottom:var(--wp--preset--spacing--20);line-height:1.5\">Marymount Barranquilla tiene un enfoque preventivo e interventivo para garantizar un espacio seguro para los estudiantes y para apoyar mucho m\u00e1s a aquellos que pueden estar experimentando abuso y abandono en cualquier aspecto de sus vidas.<\/p>\n\n\n\n<hr class=\"wp-block-separator has-text-color has-css-opacity has-background is-style-wide\" style=\"background-color:#000000;color:#000000\"\/>\n<\/div>\n\n\n\n<div class=\"wp-block-column has-text-color has-background has-link-color wp-elements-42f7f96bfab04e08ec9668ff81f991c6 is-layout-flow wp-block-column-is-layout-flow\" style=\"color:#000000;background-color:#ededed;padding-top:3.5em;padding-right:2em;padding-bottom:3.5em;padding-left:2em\">\n<h2 class=\"wp-block-heading has-text-align-center\" id=\"family\" style=\"font-size:clamp(24.034px, 1.502rem + ((1vw - 3.2px) * 0.998), 40px);\"><strong>2<\/strong><\/h2>\n\n\n\n<p class=\"has-foreground-color has-text-color has-link-color has-medium-font-size wp-elements-7962642355ea9494f8bc4a2ab881cb89\" style=\"margin-top:var(--wp--preset--spacing--20);margin-bottom:var(--wp--preset--spacing--20);line-height:1.5\">La alianza colegio\/padre es esencial para proporcionar el mayor nivel de seguridad y cuidado para nuestros ni\u00f1os.<\/p>\n\n\n\n<hr class=\"wp-block-separator has-css-opacity is-style-wide\"\/>\n<\/div>\n<\/div>\n\n\n\n<div style=\"height:20px\" aria-hidden=\"true\" class=\"wp-block-spacer\"><\/div>\n\n\n\n<div style=\"height:20px\" aria-hidden=\"true\" class=\"wp-block-spacer\"><\/div>\n\n\n\n<h3 class=\"wp-block-heading has-text-align-center has-foreground-color has-text-color has-link-color has-medium-font-size wp-elements-e89a3c7f70beedd1e264e4d151b9d632\" style=\"padding-right:var(--wp--preset--spacing--40);padding-left:var(--wp--preset--spacing--40)\">Apoyando al ni\u00f1o, la familia y la comunidad<\/h3>\n\n\n\n<div style=\"height:27px\" aria-hidden=\"true\" class=\"wp-block-spacer\"><\/div>\n\n\n\n<div class=\"wp-block-columns is-layout-flex wp-container-core-columns-is-layout-d2da2050 wp-block-columns-is-layout-flex\" style=\"margin-bottom:0\">\n<div class=\"wp-block-column has-border-color-background-color has-text-color has-background has-link-color wp-elements-4a66f4597cf51fa49c49865815e9c218 is-layout-flow wp-block-column-is-layout-flow\" style=\"color:#000000;padding-top:2em;padding-right:2em;padding-bottom:2em;padding-left:2em\">\n<h2 class=\"wp-block-heading has-foreground-color has-text-color has-link-color has-medium-font-size wp-elements-d95351ad8424d4d174769e08b2a7738f\" id=\"single\"><strong>El ni\u00f1o<\/strong> <\/h2>\n\n\n\n<p class=\"has-foreground-color has-text-color has-link-color has-medium-font-size wp-elements-2c32a88ab79026c0ec33c1de858097fc\" style=\"margin-top:var(--wp--preset--spacing--20);margin-bottom:var(--wp--preset--spacing--20);line-height:1.5\">Los ni\u00f1os en riesgo incluyen a aquellos que tienen un temperamento dif\u00edcil, rebeld\u00eda, problemas de salud o dificultades sociales o acad\u00e9micas y aquellos que desconocen sus derechos de protecci\u00f3n.<\/p>\n\n\n\n<hr class=\"wp-block-separator has-text-color has-css-opacity has-background is-style-wide\" style=\"background-color:#000000;color:#000000\"\/>\n<\/div>\n\n\n\n<div class=\"wp-block-column has-border-color-background-color has-text-color has-background has-link-color wp-elements-27791ee67814d5a054bd6fc92894a541 is-layout-flow wp-block-column-is-layout-flow\" style=\"color:#000000;padding-top:2em;padding-right:2em;padding-bottom:2em;padding-left:2em\">\n<h2 class=\"wp-block-heading has-foreground-color has-text-color has-link-color has-medium-font-size wp-elements-0f9669a9a8329577a092adf113931613\" id=\"family\"><strong>Marymount<\/strong><\/h2>\n\n\n\n<p class=\"has-foreground-color has-text-color has-link-color has-medium-font-size wp-elements-b99b7de3784c1b30196ef1a5a129d33e\" style=\"margin-top:var(--wp--preset--spacing--20);margin-bottom:var(--wp--preset--spacing--20);line-height:1.5\">Promueve el respeto, el estudio y las habilidades sociales, ense\u00f1a acerca de los derechos de protecci\u00f3n, las relaciones saludables y la asertividad por medio de un sistema de apoyo.<\/p>\n\n\n\n<hr class=\"wp-block-separator has-css-opacity is-style-wide\"\/>\n<\/div>\n<\/div>\n\n\n\n<div style=\"height:38px\" aria-hidden=\"true\" class=\"wp-block-spacer\"><\/div>\n\n\n\n<div class=\"wp-block-columns is-layout-flex wp-container-core-columns-is-layout-d2da2050 wp-block-columns-is-layout-flex\" style=\"margin-bottom:0\">\n<div class=\"wp-block-column has-text-color has-background has-link-color wp-elements-c57bd82992e5dd2a00b5fadb77b7a773 is-layout-flow wp-block-column-is-layout-flow\" style=\"color:#000000;background-color:#cbe2f7;padding-top:2em;padding-right:2em;padding-bottom:2em;padding-left:2em\">\n<h2 class=\"wp-block-heading has-foreground-color has-text-color has-link-color has-medium-font-size wp-elements-d02bd8d130936f1c4229ad907555bf4b\" id=\"patron\"><strong>La familia<\/strong><\/h2>\n\n\n\n<p class=\"has-foreground-color has-text-color has-link-color has-medium-font-size wp-elements-91bf698ada1a00addb2b6e1926b669c6\" style=\"margin-top:var(--wp--preset--spacing--20);margin-bottom:var(--wp--preset--spacing--20)\">Las caracter\u00edsticas de riesgo incluyen padres bajo mucho estr\u00e9s, familias necesitadas de apoyo y acceso a recursos, socialmente aisladas, expectativas inusualmente altas de sus hijos, antecedentes de pr\u00e1cticas disciplinarias inapropiadas cuando ellos eran ni\u00f1os.<\/p>\n\n\n\n<hr class=\"wp-block-separator has-css-opacity is-style-wide\"\/>\n<\/div>\n\n\n\n<div class=\"wp-block-column has-text-color has-background has-link-color wp-elements-680092b315f8bd1d28ba8a0fffe97a34 is-layout-flow wp-block-column-is-layout-flow\" style=\"color:#000000;background-color:#cbe2f7;padding-top:2em;padding-right:2em;padding-bottom:2em;padding-left:2em\">\n<h2 class=\"wp-block-heading has-foreground-color has-text-color has-link-color has-medium-font-size wp-elements-0f9669a9a8329577a092adf113931613\" id=\"family\"><strong>Marymount<\/strong><\/h2>\n\n\n\n<p class=\"has-foreground-color has-text-color has-link-color has-medium-font-size wp-elements-011c052034cd297a9f76c75928ec634a\" style=\"margin-top:var(--wp--preset--spacing--20);margin-bottom:var(--wp--preset--spacing--20);line-height:1.5\">Trabaja con los padres para entender pr\u00e1cticas disciplinarias apropiadas, la comprensi\u00f3n y las pr\u00e1cticas saludables de protecci\u00f3n de menores.<\/p>\n\n\n\n<hr class=\"wp-block-separator has-css-opacity is-style-wide\"\/>\n<\/div>\n<\/div>\n\n\n\n<div style=\"height:38px\" aria-hidden=\"true\" class=\"wp-block-spacer\"><\/div>\n\n\n\n<div class=\"wp-block-columns is-layout-flex wp-container-core-columns-is-layout-d2da2050 wp-block-columns-is-layout-flex\" style=\"margin-bottom:0\">\n<div class=\"wp-block-column has-text-color has-background has-link-color wp-elements-fcc4e24062097ade3e494f8ad23b5b33 is-layout-flow wp-block-column-is-layout-flow\" style=\"color:#000000;background-color:#f1f1f1;padding-top:2em;padding-right:2em;padding-bottom:2em;padding-left:2em\">\n<h2 class=\"wp-block-heading has-foreground-color has-text-color has-link-color has-medium-font-size wp-elements-1c4d0b55a2018f58fe3d4bf696ba3dfe\" id=\"patron\"><strong>La comunidad<\/strong><\/h2>\n\n\n\n<p class=\"has-foreground-color has-text-color has-link-color has-medium-font-size wp-elements-db26348a4a155aa8598685e3aa0b245b\" style=\"margin-top:var(--wp--preset--spacing--20);margin-bottom:var(--wp--preset--spacing--20)\">Las caracter\u00edsticas de riesgo incluyen reglas limitadas en protecci\u00f3n de menores, carga de estr\u00e9s inusualmente alta sobre los padres, aceptaci\u00f3n de conducta inapropiada con los ni\u00f1os (castigo corporal excesivo), expectativas inusualmente altas para que los hijos alcancen sus metas.<\/p>\n\n\n\n<hr class=\"wp-block-separator has-css-opacity is-style-wide\"\/>\n<\/div>\n\n\n\n<div class=\"wp-block-column has-text-color has-background has-link-color wp-elements-3d499f59145252c4c97ae2c6911df37d is-layout-flow wp-block-column-is-layout-flow\" style=\"color:#000000;background-color:#f1f1f1;padding-top:2em;padding-right:2em;padding-bottom:2em;padding-left:2em\">\n<h2 class=\"wp-block-heading has-foreground-color has-text-color has-link-color has-medium-font-size wp-elements-0f9669a9a8329577a092adf113931613\" id=\"family\"><strong>Marymount<\/strong><\/h2>\n\n\n\n<p class=\"has-foreground-color has-text-color has-link-color has-medium-font-size wp-elements-8e3ec923bd749a64f3d8056ea126d0ad\" style=\"margin-top:var(--wp--preset--spacing--20);margin-bottom:var(--wp--preset--spacing--20);line-height:1.5\">Implementa la pol\u00edtica de Cuidado y Protecci\u00f3n de los Ni\u00f1os,&nbsp;entrena a docentes a reconocer el abuso, a los psic\u00f3logos a apoyar a las familias necesitadas, entrena y apoya a los padres en conductas protectoras, crea redes dentro de la comunidad, servicios de salud y autoridades locales para recomendaciones.<\/p>\n\n\n\n<hr class=\"wp-block-separator has-css-opacity is-style-wide\"\/>\n<\/div>\n<\/div>\n\n\n\n<div style=\"height:38px\" aria-hidden=\"true\" class=\"wp-block-spacer\"><\/div>\n\n\n\n<div class=\"wp-block-cover is-light\" style=\"min-height:374px;aspect-ratio:unset;\"><span aria-hidden=\"true\" class=\"wp-block-cover__background has-background-dim-100 has-background-dim\" style=\"background-color:#ffffff\"><\/span><div class=\"wp-block-cover__inner-container is-layout-constrained wp-container-core-cover-is-layout-c5bc7ae0 wp-block-cover-is-layout-constrained\">\n<div class=\"wp-block-media-text is-stacked-on-mobile is-vertically-aligned-center is-image-fill-element\" style=\"padding-right:0;padding-left:0;grid-template-columns:30% auto\"><figure class=\"wp-block-media-text__media\"><img fetchpriority=\"high\" decoding=\"async\" width=\"5184\" height=\"3456\" src=\"https:\/\/marymountbq.edu.co\/site\/wp-content\/uploads\/2024\/07\/IMG_0756-1.jpg\" alt=\"\" class=\"wp-image-1275 size-full\" style=\"object-position:85% 60%\"\/><\/figure><div class=\"wp-block-media-text__content\">\n<h2 class=\"wp-block-heading has-foreground-color has-text-color has-medium-font-size\" style=\"margin-top:var(--wp--preset--spacing--50)\"><strong><strong>Educaci\u00f3n y Capacitaci\u00f3n<\/strong><\/strong><\/h2>\n\n\n\n<p class=\"has-foreground-color has-text-color has-link-color has-medium-font-size wp-elements-9003153e0cc01f789a9831b9744ce757\" style=\"padding-right:0;padding-left:0\">En el Colegio Marymount de Barranquilla utilizamos un enfoque preventivo para promover un ambiente saludable para el desarrollo socioemocional de los estudiantes dentro de la comunidad educativa, abordando una variedad de temas (de nuestras tem\u00e1ticas principales biol\u00f3gico\/sexual, psicoafectivo, \u00e9tico\/valores y prevenci\u00f3n) para nuestros estudiantes desde&nbsp;Nursery hasta Grado 12.<br><\/p>\n\n\n\n<p class=\"has-foreground-color has-text-color has-link-color has-medium-font-size wp-elements-db58976b906dbb8901560c8b495f7802\" style=\"padding-right:0;padding-left:0\">Abordamos una parte integral de la educaci\u00f3n de los ni\u00f1os repitiendo muchas veces durante el a\u00f1o escolar e incluyendo materiales desarrollados secuencialmente, habilidades sistem\u00e1ticas y espec\u00edficas, capacitaci\u00f3n y componentes como capacitaci\u00f3n en las clases combinadas con la participaci\u00f3n de los padres y el uso de t\u00e9cnicas de instrucci\u00f3n interactivas.<\/p>\n<\/div><\/div>\n<\/div><\/div>\n\n\n\n<figure class=\"wp-block-embed is-type-video is-provider-youtube wp-block-embed-youtube wp-embed-aspect-16-9 wp-has-aspect-ratio\" style=\"margin-right:var(--wp--preset--spacing--30);margin-bottom:var(--wp--preset--spacing--60);margin-left:var(--wp--preset--spacing--30)\"><div class=\"wp-block-embed__wrapper\">\n<iframe title=\"Child protection is a priority at Marymount Barranquilla\" width=\"500\" height=\"281\" src=\"https:\/\/www.youtube.com\/embed\/Vu8ZQZtohZ0?feature=oembed\" frameborder=\"0\" allow=\"accelerometer; autoplay; clipboard-write; encrypted-media; gyroscope; picture-in-picture; web-share\" referrerpolicy=\"strict-origin-when-cross-origin\" allowfullscreen><\/iframe>\n<\/div><\/figure>\n\n\n\n<p><\/p>\n","protected":false},"excerpt":{"rendered":"<p>El Colegio Marymount de Barranquilla tiene el deber moral y legal de velar por el bienestar de los estudiantes. El abuso y el abandono infantil son preocupaciones importantes en el mundo moderno y representan serias violaciones de los derechos de los ni\u00f1os y constituyen obst\u00e1culos para las metas educativas con respecto al desarrollo f\u00edsico, emocional&#8230;<\/p>\n","protected":false},"author":2,"featured_media":0,"parent":0,"menu_order":0,"comment_status":"closed","ping_status":"closed","template":"","meta":{"footnotes":""},"class_list":["post-1266","page","type-page","status-publish","hentry"],"_links":{"self":[{"href":"https:\/\/marymountbq.edu.co\/site\/wp-json\/wp\/v2\/pages\/1266","targetHints":{"allow":["GET"]}}],"collection":[{"href":"https:\/\/marymountbq.edu.co\/site\/wp-json\/wp\/v2\/pages"}],"about":[{"href":"https:\/\/marymountbq.edu.co\/site\/wp-json\/wp\/v2\/types\/page"}],"author":[{"embeddable":true,"href":"https:\/\/marymountbq.edu.co\/site\/wp-json\/wp\/v2\/users\/2"}],"replies":[{"embeddable":true,"href":"https:\/\/marymountbq.edu.co\/site\/wp-json\/wp\/v2\/comments?post=1266"}],"version-history":[{"count":13,"href":"https:\/\/marymountbq.edu.co\/site\/wp-json\/wp\/v2\/pages\/1266\/revisions"}],"predecessor-version":[{"id":5449,"href":"https:\/\/marymountbq.edu.co\/site\/wp-json\/wp\/v2\/pages\/1266\/revisions\/5449"}],"wp:attachment":[{"href":"https:\/\/marymountbq.edu.co\/site\/wp-json\/wp\/v2\/media?parent=1266"}],"curies":[{"name":"wp","href":"https:\/\/api.w.org\/{rel}","templated":true}]}}